{"id":18619,"date":"2025-04-17T18:02:11","date_gmt":"2025-04-17T18:02:11","guid":{"rendered":"https:\/\/transeuropafestival.eu\/speakers\/sharlen-sezestre-2\/"},"modified":"2025-06-06T11:59:41","modified_gmt":"2025-06-06T11:59:41","slug":"sharlen-sezestre-2","status":"publish","type":"portfolio","link":"https:\/\/transeuropafestival.eu\/fr\/speakers\/sharlen-sezestre-2\/","title":{"rendered":"Sharlen Sezestre"},"content":{"rendered":"<h2><em>Sharlen Sezestre<\/em><\/h2>\n<h3>Sharlen Sezestre est une militante engag\u00e9e depuis l\u2019\u00e2ge de 13 ans dans des associations f\u00e9ministes luttant contre les violences faites aux femmes ainsi que dans des groupes venant en aide aux demandeurs d\u2019asile.<\/h3>\n<h3>Apr\u00e8s avoir obtenu un Master en droits humains, elle a travaill\u00e9 en tant que juriste \u00e0 France Terre d\u2019Asile, puis comme charg\u00e9e du plaidoyer international au Planning Familial, une association f\u00e9ministe fran\u00e7aise \u0153uvrant pour la sant\u00e9 et les droits sexuels et reproductifs. Elle a \u00e9galement \u00e9t\u00e9 membre du conseil politique du Black Feminist Fund pendant six ans, un fonds qui soutient le financement des organisations f\u00e9ministes noires dans une perspective antiraciste et d\u00e9coloniale.<br \/>\nAujourd\u2019hui, elle est coordinatrice du projet The Fierce chez Alternatives europ\u00e9ennes.<\/h3>\n<p><strong>Sharlen Sezestre interviendra lors de la Table ronde<em> \u2013 <span style=\"text-decoration: underline;\">\u00ab <\/span><a href=\"https:\/\/transeuropafestival.eu\/fr\/table-ronde-resister-au-backlash-soutenir-les-strategies-feministes-face-aux-mouvements-anti-genre-en-france-et-en-europe\/\"><span style=\"text-decoration: underline;\">R\u00e9sister au backlash : Strat\u00e9gies f\u00e9ministes contre les mouvements anti-genre en France et en Europe \u00bb<\/span><\/a><\/em><\/strong><\/p>\n","protected":false},"excerpt":{"rendered":"<p>Sharlen Sezestre Sharlen Sezestre est une militante engag\u00e9e depuis l\u2019\u00e2ge de 13 ans dans des associations f\u00e9ministes luttant contre les violences faites aux femmes ainsi que dans des groupes venant en aide aux demandeurs d\u2019asile. Apr\u00e8s avoir obtenu un Master en droits humains, elle a travaill\u00e9 en tant que juriste \u00e0 France Terre d\u2019Asile, puis [&hellip;]<\/p>\n","protected":false},"featured_media":18432,"comment_status":"open","ping_status":"closed","template":"","tags":[],"portfolio_entries":[121],"class_list":["post-18619","portfolio","type-portfolio","status-publish","has-post-thumbnail","hentry","portfolio_entries-jeudi"],"_links":{"self":[{"href":"https:\/\/transeuropafestival.eu\/fr\/wp-json\/wp\/v2\/portfolio\/18619","targetHints":{"allow":["GET"]}}],"collection":[{"href":"https:\/\/transeuropafestival.eu\/fr\/wp-json\/wp\/v2\/portfolio"}],"about":[{"href":"https:\/\/transeuropafestival.eu\/fr\/wp-json\/wp\/v2\/types\/portfolio"}],"replies":[{"embeddable":true,"href":"https:\/\/transeuropafestival.eu\/fr\/wp-json\/wp\/v2\/comments?post=18619"}],"version-history":[{"count":3,"href":"https:\/\/transeuropafestival.eu\/fr\/wp-json\/wp\/v2\/portfolio\/18619\/revisions"}],"predecessor-version":[{"id":19816,"href":"https:\/\/transeuropafestival.eu\/fr\/wp-json\/wp\/v2\/portfolio\/18619\/revisions\/19816"}],"wp:featuredmedia":[{"embeddable":true,"href":"https:\/\/transeuropafestival.eu\/fr\/wp-json\/wp\/v2\/media\/18432"}],"wp:attachment":[{"href":"https:\/\/transeuropafestival.eu\/fr\/wp-json\/wp\/v2\/media?parent=18619"}],"wp:term":[{"taxonomy":"post_tag","embeddable":true,"href":"https:\/\/transeuropafestival.eu\/fr\/wp-json\/wp\/v2\/tags?post=18619"},{"taxonomy":"portfolio_entries","embeddable":true,"href":"https:\/\/transeuropafestival.eu\/fr\/wp-json\/wp\/v2\/portfolio_entries?post=18619"}],"curies":[{"name":"wp","href":"https:\/\/api.w.org\/{rel}","templated":true}]}}