{"id":18621,"date":"2025-04-17T18:04:42","date_gmt":"2025-04-17T18:04:42","guid":{"rendered":"https:\/\/transeuropafestival.eu\/speakers\/segolene-pruvot-2\/"},"modified":"2025-06-06T11:52:32","modified_gmt":"2025-06-06T11:52:32","slug":"segolene-pruvot-2","status":"publish","type":"portfolio","link":"https:\/\/transeuropafestival.eu\/fr\/speakers\/segolene-pruvot-2\/","title":{"rendered":"S\u00e9gol\u00e8ne Pruvot"},"content":{"rendered":"<h2><em>S\u00e9gol\u00e8ne Pruvot<\/em><\/h2>\n<h3>S\u00e9gol\u00e8ne Pruvot est directrice culturelle d&#8217;Alternatives europ\u00e9ennes. S\u00e9gol\u00e8ne a acquis une grande exp\u00e9rience dans la conception et la mise en \u0153uvre de programmes culturels participatifs transnationaux. Elle a organis\u00e9, g\u00e9r\u00e9 et coordonn\u00e9 des projets artistiques dans plusieurs pays europ\u00e9ens, dont le festival Transeuropa. S\u00e9gol\u00e8ne g\u00e8re actuellement, en tant que partenaire, le projet Horizon2020 Artsformation ax\u00e9 sur la mani\u00e8re dont les arts peuvent aider \u00e0 g\u00e9rer la transition num\u00e9rique dans les soci\u00e9t\u00e9s contemporaines, le projet H2020 Co-creation. Elle coordonne Room to Bloom, un projet de soutien \u00e0 la carri\u00e8re et \u00e0 la production de jeunes artistes f\u00e9ministes postcoloniales. Au cours de sa carri\u00e8re universitaire et de sa vie professionnelle, elle s&#8217;est sp\u00e9cialis\u00e9e dans l&#8217;exploration de l&#8217;intersection entre les arts, la ville et le changement social. Sa th\u00e8se de doctorat, r\u00e9alis\u00e9e \u00e0 l&#8217;universit\u00e9 de Milan Bicocca, s&#8217;intitule \u00ab Can Participatory Arts Help Deliver (more) Socially Just Creative Cities \u00bb (Les arts participatifs peuvent-ils contribuer \u00e0 cr\u00e9er des villes cr\u00e9atives plus justes sur le plan social ?). Elle y a \u00e9tudi\u00e9 comment l&#8217;apport th\u00e9orique de la th\u00e9orie des arts contemporains peut aider \u00e0 mieux comprendre le r\u00f4le des arts dans la ville. Elle a suivi une formation de politologue et d&#8217;urbaniste en France, au Royaume-Uni et en Allemagne. S\u00e9gol\u00e8ne est passionn\u00e9e par la ville, l&#8217;\u00e9galit\u00e9, le f\u00e9minisme, les droits des migrants et des minorit\u00e9s.<\/h3>\n<p><strong>S\u00e9gol\u00e8ne Pruvot sera la mod\u00e9ratrice de la Table ronde \u2013 <span style=\"text-decoration: underline;\"><em>\u00ab <a href=\"https:\/\/transeuropafestival.eu\/fr\/table-ronde-sante-et-precarite-inegalites-dans-lacces-aux-soins-et-aux-services-de-sante-en-europe-propositions-pour-une-sante-anti-sexiste-trans-inclusive-et-antiraciste\/?preview=true\">Sant\u00e9 et pr\u00e9carit\u00e9 : In\u00e9galit\u00e9s dans l\u2019acc\u00e8s aux soins et aux services de sant\u00e9 en Europe : propositions pour des soins anti-sexistes, trans-inclusifs et anti-racistes\u00a0<\/a>\u00bb<\/em><\/span><\/strong><\/p>\n<p>&nbsp;<\/p>\n","protected":false},"excerpt":{"rendered":"<p>S\u00e9gol\u00e8ne Pruvot S\u00e9gol\u00e8ne Pruvot est directrice culturelle d&#8217;Alternatives europ\u00e9ennes. S\u00e9gol\u00e8ne a acquis une grande exp\u00e9rience dans la conception et la mise en \u0153uvre de programmes culturels participatifs transnationaux. Elle a organis\u00e9, g\u00e9r\u00e9 et coordonn\u00e9 des projets artistiques dans plusieurs pays europ\u00e9ens, dont le festival Transeuropa. S\u00e9gol\u00e8ne g\u00e8re actuellement, en tant que partenaire, le projet Horizon2020 [&hellip;]<\/p>\n","protected":false},"featured_media":18623,"comment_status":"open","ping_status":"closed","template":"","tags":[],"portfolio_entries":[121],"class_list":["post-18621","portfolio","type-portfolio","status-publish","has-post-thumbnail","hentry","portfolio_entries-jeudi"],"_links":{"self":[{"href":"https:\/\/transeuropafestival.eu\/fr\/wp-json\/wp\/v2\/portfolio\/18621","targetHints":{"allow":["GET"]}}],"collection":[{"href":"https:\/\/transeuropafestival.eu\/fr\/wp-json\/wp\/v2\/portfolio"}],"about":[{"href":"https:\/\/transeuropafestival.eu\/fr\/wp-json\/wp\/v2\/types\/portfolio"}],"replies":[{"embeddable":true,"href":"https:\/\/transeuropafestival.eu\/fr\/wp-json\/wp\/v2\/comments?post=18621"}],"version-history":[{"count":4,"href":"https:\/\/transeuropafestival.eu\/fr\/wp-json\/wp\/v2\/portfolio\/18621\/revisions"}],"predecessor-version":[{"id":19812,"href":"https:\/\/transeuropafestival.eu\/fr\/wp-json\/wp\/v2\/portfolio\/18621\/revisions\/19812"}],"wp:featuredmedia":[{"embeddable":true,"href":"https:\/\/transeuropafestival.eu\/fr\/wp-json\/wp\/v2\/media\/18623"}],"wp:attachment":[{"href":"https:\/\/transeuropafestival.eu\/fr\/wp-json\/wp\/v2\/media?parent=18621"}],"wp:term":[{"taxonomy":"post_tag","embeddable":true,"href":"https:\/\/transeuropafestival.eu\/fr\/wp-json\/wp\/v2\/tags?post=18621"},{"taxonomy":"portfolio_entries","embeddable":true,"href":"https:\/\/transeuropafestival.eu\/fr\/wp-json\/wp\/v2\/portfolio_entries?post=18621"}],"curies":[{"name":"wp","href":"https:\/\/api.w.org\/{rel}","templated":true}]}}